{"id":275,"date":"2013-03-22T18:50:15","date_gmt":"2013-03-22T18:50:15","guid":{"rendered":"http:\/\/lawyers-attorneys.vamtam.com\/?page_id=275"},"modified":"2024-12-24T12:33:24","modified_gmt":"2024-12-24T09:33:24","slug":"citil-avuklatik-ortakligi-yayimlari","status":"publish","type":"page","link":"https:\/\/citil.av.tr\/en\/citil-avuklatik-ortakligi-yayimlari\/","title":{"rendered":"Blog"},"content":{"rendered":"<div class=\"row\"><div class=\"wpv-grid grid-1-1  wpv-first-level first unextended\" style=\"padding-top:0px;padding-bottom:0px\" id=\"wpv-column-407879c203c21eade622b3dce73be010\" ><div class=\"loop-wrapper clearfix news row small paginated\" data-columns=\"3\"  >\n\t\t<div class=\"page-content post-header grid-1-3 clearboth list-item post-14454 post type-post status-publish format-standard has-post-thumbnail hentry category-blog tag-abd-e-2-vizesi tag-amerika-yatirimci-vizesi tag-amerikada-is-kurmak tag-anlasmali-yatirimci-vizesi tag-e-2-green-card tag-e-2-sartlari\" >\n\t\t\t<div>\n\t\t\t\t<div class=\"post-article has-image-wrapper\">\n\t<div class=\"standard-post-format clearfix as-image\">\n\t\t\t<div class=\"thumbnail\">\n\t\t\t\t\t<a href=\"https:\/\/citil.av.tr\/en\/abd-e2-yatirimci-vizesi-rehberi\/\" title=\"ABD&#8217;de Yeni Bir Hayat ve \u0130\u015f Kurmak: E-2 Yat\u0131r\u0131mc\u0131 Vizesi Rehberi\">\n\t\t\t\t<img width=\"360\" height=\"276\" src=\"https:\/\/citil.av.tr\/wp-content\/uploads\/2025\/12\/CITIL-LAW-BLOG-ABD-E2-VISA-01-360x276.jpg\" class=\"attachment-post-small-3 size-post-small-3 wp-post-image\" alt=\"Yat\u0131r\u0131m yaparak ABD&#039;de aktif bir i\u015f kurmak ve ailenizle ya\u015famak m\u0131 istiyorsunuz? S\u0131n\u0131rs\u0131z yenileme imkan\u0131 sunan ABD E-2 Vizesi \u015fartlar\u0131n\u0131, avantajlar\u0131n\u0131 ve Green Card&#039;a ge\u00e7i\u015f stratejilerini Citil Hukuk ile ke\u015ffedin.\" decoding=\"async\" loading=\"lazy\" srcset=\"https:\/\/citil.av.tr\/wp-content\/uploads\/2025\/12\/CITIL-LAW-BLOG-ABD-E2-VISA-01-360x276.jpg 360w, https:\/\/citil.av.tr\/wp-content\/uploads\/2025\/12\/CITIL-LAW-BLOG-ABD-E2-VISA-01-480x369.jpg 480w, https:\/\/citil.av.tr\/wp-content\/uploads\/2025\/12\/CITIL-LAW-BLOG-ABD-E2-VISA-01-555x426.jpg 555w, https:\/\/citil.av.tr\/wp-content\/uploads\/2025\/12\/CITIL-LAW-BLOG-ABD-E2-VISA-01-262x201.jpg 262w\" sizes=\"(min-width: 900px) 50vw, 100vw\" \/>\t\t\t\t<span class='icon shortcode theme  use-hover' style=''>&#58897;<\/span>\t\t\t<\/a>\n\t\t\t<\/div>\n\n\t<div class=\"post-content-wrapper\">\n\t\t<div class=\"post-actions-wrapper clearfix\">\n\t\t\t<div class=\"post-date date updated\">\n\t\t\t\t3 December 2025\t\t\t<\/div>\n\t\t\t\t\t\t\t\n\t\t\t\t\t\t\t\t\t<\/div>\n\n\t\t\t\t<header class=\"single\">\n\t\t\t<div class=\"content\">\n\t\t\t\t<h3>\n\t\t\t\t\t<a href=\"https:\/\/citil.av.tr\/en\/abd-e2-yatirimci-vizesi-rehberi\/\" title=\"ABD&#8217;de Yeni Bir Hayat ve \u0130\u015f Kurmak: E-2 Yat\u0131r\u0131mc\u0131 Vizesi Rehberi\" class=\"entry-title\">ABD&#8217;de Yeni Bir Hayat ve \u0130\u015f Kurmak: E-2 Yat\u0131r\u0131mc\u0131 Vizesi Rehberi<\/a>\n\t\t\t\t<\/h3>\n\t\t\t<\/div>\n\t\t<\/header>\n\t\n\t\t<div class=\"post-content-outer\">\n\t\t\t<p>ABD E-2 Vizesi Hakk\u0131nda T\u00fcm Bilgiler Burada. Amerika Birle\u015fik Devletleri, d\u00fcnyan\u0131n en b\u00fcy\u00fck ve en&#8230;<\/p>\n\t\t<\/div>\n\n\t\t\t<\/div>\n\t<\/div>\n<\/div>\n\t\t\t<\/div>\n\t\t<\/div>\n\t\t<div class=\"page-content post-header grid-1-3 list-item post-14386 post type-post status-publish format-standard has-post-thumbnail hentry category-blog tag-cevrimici-itibar tag-dijital-itibar-yonetimi tag-dijital-temizlik tag-hukuki-boyut tag-icerik-kaldirma tag-kisisel-veri-koruma tag-sosyal-medya tag-sosyal-medya-gecmisi-temizleme tag-sosyal-medya-hukuku tag-unutulma-hakki\" >\n\t\t\t<div>\n\t\t\t\t<div class=\"post-article has-image-wrapper\">\n\t<div class=\"standard-post-format clearfix as-image\">\n\t\t\t<div class=\"thumbnail\">\n\t\t\t\t\t<a href=\"https:\/\/citil.av.tr\/en\/dijital-itibar-yonetimi-sosyal-medyada-gecmisi-temizleme-rehberi\/\" title=\"Dijital \u0130tibar Y\u00f6netimi: Sosyal Medyada Ge\u00e7mi\u015fi Temizleme Rehberi\">\n\t\t\t\t<img width=\"360\" height=\"276\" src=\"https:\/\/citil.av.tr\/wp-content\/uploads\/2024\/12\/CITIL-LAW-dijital-itibar-yonetimi-sosyal-medya-24122024-360x276.jpg\" class=\"attachment-post-small-3 size-post-small-3 wp-post-image\" alt=\"Dijital \u0130tibar Y\u00f6netimi: Sosyal Medyada Ge\u00e7mi\u015fi Temizleme Rehberi\" decoding=\"async\" loading=\"lazy\" srcset=\"https:\/\/citil.av.tr\/wp-content\/uploads\/2024\/12\/CITIL-LAW-dijital-itibar-yonetimi-sosyal-medya-24122024-360x276.jpg 360w, https:\/\/citil.av.tr\/wp-content\/uploads\/2024\/12\/CITIL-LAW-dijital-itibar-yonetimi-sosyal-medya-24122024-14x12.jpg 14w, https:\/\/citil.av.tr\/wp-content\/uploads\/2024\/12\/CITIL-LAW-dijital-itibar-yonetimi-sosyal-medya-24122024-480x369.jpg 480w, https:\/\/citil.av.tr\/wp-content\/uploads\/2024\/12\/CITIL-LAW-dijital-itibar-yonetimi-sosyal-medya-24122024-555x426.jpg 555w, https:\/\/citil.av.tr\/wp-content\/uploads\/2024\/12\/CITIL-LAW-dijital-itibar-yonetimi-sosyal-medya-24122024-262x201.jpg 262w\" sizes=\"(min-width: 900px) 50vw, 100vw\" \/>\t\t\t\t<span class='icon shortcode theme  use-hover' style=''>&#58897;<\/span>\t\t\t<\/a>\n\t\t\t<\/div>\n\n\t<div class=\"post-content-wrapper\">\n\t\t<div class=\"post-actions-wrapper clearfix\">\n\t\t\t<div class=\"post-date date updated\">\n\t\t\t\t24 December 2024\t\t\t<\/div>\n\t\t\t\t\t\t\t\n\t\t\t\t\t\t\t\t\t<\/div>\n\n\t\t\t\t<header class=\"single\">\n\t\t\t<div class=\"content\">\n\t\t\t\t<h3>\n\t\t\t\t\t<a href=\"https:\/\/citil.av.tr\/en\/dijital-itibar-yonetimi-sosyal-medyada-gecmisi-temizleme-rehberi\/\" title=\"Dijital \u0130tibar Y\u00f6netimi: Sosyal Medyada Ge\u00e7mi\u015fi Temizleme Rehberi\" class=\"entry-title\">Dijital \u0130tibar Y\u00f6netimi: Sosyal Medyada Ge\u00e7mi\u015fi Temizleme Rehberi<\/a>\n\t\t\t\t<\/h3>\n\t\t\t<\/div>\n\t\t<\/header>\n\t\n\t\t<div class=\"post-content-outer\">\n\t\t\t<p>Dijital \u0130tibar Y\u00f6netimi: Sosyal Medyada Ge\u00e7mi\u015fi Temizleme Rehberi G\u00fcn\u00fcm\u00fczde dijital d\u00fcnya, insanlar\u0131n ki\u015fisel ve profesyonel&#8230;<\/p>\n\t\t<\/div>\n\n\t\t\t<\/div>\n\t<\/div>\n<\/div>\n\t\t\t<\/div>\n\t\t<\/div>\n\t\t<div class=\"page-content post-header grid-1-3 list-item post-14381 post type-post status-publish format-standard has-post-thumbnail hentry category-blog tag-avukat-destegi tag-dijital-dunyada-itibar tag-dijital-itibar tag-dijital-izler tag-dijital-temizlik tag-erisim-engelleme tag-eski-sevgili-paylasimlari tag-hukuki-surec tag-icerik-kaldirma tag-internet-hukuku tag-mustehcen-icerik-kaldirma tag-online-itibar-yonetimi tag-sosyal-medya tag-sosyal-medya-duzenleme tag-sosyal-medya-hukuku tag-sosyal-medya-paylasimlari tag-sosyal-medya-riskleri tag-sosyal-medya-ve-itibar tag-sosyal-medya-yonetimi tag-unutulma-hakki\" >\n\t\t\t<div>\n\t\t\t\t<div class=\"post-article has-image-wrapper\">\n\t<div class=\"standard-post-format clearfix as-image\">\n\t\t\t<div class=\"thumbnail\">\n\t\t\t\t\t<a href=\"https:\/\/citil.av.tr\/en\/sosyal-medyada-dijital-temizlik-yapmanin-ipuclari\/\" title=\"Dijital Temizlik: Sosyal Medyada Ge\u00e7mi\u015fi Silmenin Yollar\u0131\">\n\t\t\t\t<img width=\"360\" height=\"276\" src=\"https:\/\/citil.av.tr\/wp-content\/uploads\/2024\/12\/CITIL-LAW-dijital-temizlik-blog-23-12-2024-360x276.jpg\" class=\"attachment-post-small-3 size-post-small-3 wp-post-image\" alt=\"Dijital ortamda g\u00f6rsellerini \u00e7\u0131karmak isteyen bir m\u00fcvekkil ve avukat\u0131n ofiste g\u00f6r\u00fc\u015fmesi\" decoding=\"async\" loading=\"lazy\" srcset=\"https:\/\/citil.av.tr\/wp-content\/uploads\/2024\/12\/CITIL-LAW-dijital-temizlik-blog-23-12-2024-360x276.jpg 360w, https:\/\/citil.av.tr\/wp-content\/uploads\/2024\/12\/CITIL-LAW-dijital-temizlik-blog-23-12-2024-480x369.jpg 480w, https:\/\/citil.av.tr\/wp-content\/uploads\/2024\/12\/CITIL-LAW-dijital-temizlik-blog-23-12-2024-1140x876.jpg 1140w, https:\/\/citil.av.tr\/wp-content\/uploads\/2024\/12\/CITIL-LAW-dijital-temizlik-blog-23-12-2024-555x426.jpg 555w, https:\/\/citil.av.tr\/wp-content\/uploads\/2024\/12\/CITIL-LAW-dijital-temizlik-blog-23-12-2024-262x201.jpg 262w\" sizes=\"(min-width: 900px) 50vw, 100vw\" \/>\t\t\t\t<span class='icon shortcode theme  use-hover' style=''>&#58897;<\/span>\t\t\t<\/a>\n\t\t\t<\/div>\n\n\t<div class=\"post-content-wrapper\">\n\t\t<div class=\"post-actions-wrapper clearfix\">\n\t\t\t<div class=\"post-date date updated\">\n\t\t\t\t23 December 2024\t\t\t<\/div>\n\t\t\t\t\t\t\t\n\t\t\t\t\t\t\t\t\t<\/div>\n\n\t\t\t\t<header class=\"single\">\n\t\t\t<div class=\"content\">\n\t\t\t\t<h3>\n\t\t\t\t\t<a href=\"https:\/\/citil.av.tr\/en\/sosyal-medyada-dijital-temizlik-yapmanin-ipuclari\/\" title=\"Dijital Temizlik: Sosyal Medyada Ge\u00e7mi\u015fi Silmenin Yollar\u0131\" class=\"entry-title\">Dijital Temizlik: Sosyal Medyada Ge\u00e7mi\u015fi Silmenin Yollar\u0131<\/a>\n\t\t\t\t<\/h3>\n\t\t\t<\/div>\n\t\t<\/header>\n\t\n\t\t<div class=\"post-content-outer\">\n\t\t\t<p>Sosyal Medyada Dijital Temizlik ve Hukuki Boyutu G\u00fcn\u00fcm\u00fczde sosyal medya, bireylerin hayatlar\u0131n\u0131n \u00f6nemli bir par\u00e7as\u0131&#8230;<\/p>\n\t\t<\/div>\n\n\t\t\t<\/div>\n\t<\/div>\n<\/div>\n\t\t\t<\/div>\n\t\t<\/div>\n\t\t<div class=\"page-content post-header grid-1-3 clearboth list-item post-14377 post type-post status-publish format-standard has-post-thumbnail hentry category-blog tag-ai-destekli-sanat tag-ai-etik-sorunlari tag-ai-yaraticilik tag-dijital-sanat-hukuku tag-fikir-ve-sanat-eserleri-kanunu tag-telif-haklari-hukuku tag-turkiye-yapay-zeka-hukuku tag-uluslararasi-telif-haklari tag-yapay-zeka-eserleri tag-yapay-zeka-kanuni-duzenlemeler tag-yapay-zeka-ve-edebiyat tag-yapay-zeka-ve-hukuk tag-yapay-zeka-ve-muzik tag-yapay-zeka-yaratici-surec tag-yaratici-yapay-zeka-eserleri\" >\n\t\t\t<div>\n\t\t\t\t<div class=\"post-article has-image-wrapper\">\n\t<div class=\"standard-post-format clearfix as-image\">\n\t\t\t<div class=\"thumbnail\">\n\t\t\t\t\t<a href=\"https:\/\/citil.av.tr\/en\/yapay-zeka-caginda-telif-haklarina-yeni-bir-bakis\/\" title=\"Yapay Zeka \u00c7a\u011f\u0131nda Telif Haklar\u0131na Yeni Bir Bak\u0131\u015f.\">\n\t\t\t\t<img width=\"360\" height=\"276\" src=\"https:\/\/citil.av.tr\/wp-content\/uploads\/2024\/12\/CITIL-LAW-yapay-zeka-fikir-ve-sanat-eserleri-sorunsali-360x276.webp\" class=\"attachment-post-small-3 size-post-small-3 wp-post-image\" alt=\"apay Zeka Taraf\u0131ndan Olu\u015fturulan Eserlerin Telif Haklar\u0131 ve Hukuki Sorunlar\" decoding=\"async\" loading=\"lazy\" srcset=\"https:\/\/citil.av.tr\/wp-content\/uploads\/2024\/12\/CITIL-LAW-yapay-zeka-fikir-ve-sanat-eserleri-sorunsali-360x276.webp 360w, https:\/\/citil.av.tr\/wp-content\/uploads\/2024\/12\/CITIL-LAW-yapay-zeka-fikir-ve-sanat-eserleri-sorunsali-480x369.webp 480w, https:\/\/citil.av.tr\/wp-content\/uploads\/2024\/12\/CITIL-LAW-yapay-zeka-fikir-ve-sanat-eserleri-sorunsali-1140x876.webp 1140w, https:\/\/citil.av.tr\/wp-content\/uploads\/2024\/12\/CITIL-LAW-yapay-zeka-fikir-ve-sanat-eserleri-sorunsali-555x426.webp 555w, https:\/\/citil.av.tr\/wp-content\/uploads\/2024\/12\/CITIL-LAW-yapay-zeka-fikir-ve-sanat-eserleri-sorunsali-262x201.webp 262w\" sizes=\"(min-width: 900px) 50vw, 100vw\" \/>\t\t\t\t<span class='icon shortcode theme  use-hover' style=''>&#58897;<\/span>\t\t\t<\/a>\n\t\t\t<\/div>\n\n\t<div class=\"post-content-wrapper\">\n\t\t<div class=\"post-actions-wrapper clearfix\">\n\t\t\t<div class=\"post-date date updated\">\n\t\t\t\t13 December 2024\t\t\t<\/div>\n\t\t\t\t\t\t\t\n\t\t\t\t\t\t\t\t\t<\/div>\n\n\t\t\t\t<header class=\"single\">\n\t\t\t<div class=\"content\">\n\t\t\t\t<h3>\n\t\t\t\t\t<a href=\"https:\/\/citil.av.tr\/en\/yapay-zeka-caginda-telif-haklarina-yeni-bir-bakis\/\" title=\"Yapay Zeka \u00c7a\u011f\u0131nda Telif Haklar\u0131na Yeni Bir Bak\u0131\u015f.\" class=\"entry-title\">Yapay Zeka \u00c7a\u011f\u0131nda Telif Haklar\u0131na Yeni Bir Bak\u0131\u015f.<\/a>\n\t\t\t\t<\/h3>\n\t\t\t<\/div>\n\t\t<\/header>\n\t\n\t\t<div class=\"post-content-outer\">\n\t\t\t<p>Dijital d\u00fcnya, teknolojinin ilerlemesiyle yeni zorluklar\u0131 da beraberinde getirdi. Yapay zeka (\u00e7o\u011fu zaman AI olarak&#8230;<\/p>\n\t\t<\/div>\n\n\t\t\t<\/div>\n\t<\/div>\n<\/div>\n\t\t\t<\/div>\n\t\t<\/div>\n\t\t<div class=\"page-content post-header grid-1-3 list-item post-14372 post type-post status-publish format-standard has-post-thumbnail hentry category-blog tag-dijital-gocebe-nedir tag-dijital-gocebe-uzaktan-calisma tag-dijital-gocebelik-avantajlari tag-dijital-gocebelik-nasil-yapilir tag-dijital-gocebelikle-global-kariyer tag-dijital-nomad-turkiye tag-dijital-nomad-vizesi-turkiye tag-dijital-nomad-yasam-tarzi-avantajlari tag-universite-mezunlari-icin-dijital-nomad tag-yeni-mezunlar-icin-dijital-gocebelik\" >\n\t\t\t<div>\n\t\t\t\t<div class=\"post-article has-image-wrapper\">\n\t<div class=\"standard-post-format clearfix as-image\">\n\t\t\t<div class=\"thumbnail\">\n\t\t\t\t\t<a href=\"https:\/\/citil.av.tr\/en\/dijital-gocebe-yeni-meslegin-universite-mezunlarina-sagladigi-10-avantaj\/\" title=\"Dijital G\u00f6\u00e7ebe: Yeni Mesle\u011fin \u00dcniversite Mezunlar\u0131na Sa\u011flad\u0131\u011f\u0131 10 Avantaj\">\n\t\t\t\t<img width=\"360\" height=\"276\" src=\"https:\/\/citil.av.tr\/wp-content\/uploads\/2024\/09\/CITIL-LAW-dijital-gocebe-mezunlarina-oneriler-01-360x276.jpg\" class=\"attachment-post-small-3 size-post-small-3 wp-post-image\" alt=\"Dijital g\u00f6\u00e7ebenin kulland\u0131\u011f\u0131 bilgisayar ve masa\" decoding=\"async\" loading=\"lazy\" srcset=\"https:\/\/citil.av.tr\/wp-content\/uploads\/2024\/09\/CITIL-LAW-dijital-gocebe-mezunlarina-oneriler-01-360x276.jpg 360w, https:\/\/citil.av.tr\/wp-content\/uploads\/2024\/09\/CITIL-LAW-dijital-gocebe-mezunlarina-oneriler-01-480x369.jpg 480w, https:\/\/citil.av.tr\/wp-content\/uploads\/2024\/09\/CITIL-LAW-dijital-gocebe-mezunlarina-oneriler-01-1140x876.jpg 1140w, https:\/\/citil.av.tr\/wp-content\/uploads\/2024\/09\/CITIL-LAW-dijital-gocebe-mezunlarina-oneriler-01-555x426.jpg 555w, https:\/\/citil.av.tr\/wp-content\/uploads\/2024\/09\/CITIL-LAW-dijital-gocebe-mezunlarina-oneriler-01-262x201.jpg 262w\" sizes=\"(min-width: 900px) 50vw, 100vw\" \/>\t\t\t\t<span class='icon shortcode theme  use-hover' style=''>&#58897;<\/span>\t\t\t<\/a>\n\t\t\t<\/div>\n\n\t<div class=\"post-content-wrapper\">\n\t\t<div class=\"post-actions-wrapper clearfix\">\n\t\t\t<div class=\"post-date date updated\">\n\t\t\t\t22 September 2024\t\t\t<\/div>\n\t\t\t\t\t\t\t\n\t\t\t\t\t\t\t\t\t<\/div>\n\n\t\t\t\t<header class=\"single\">\n\t\t\t<div class=\"content\">\n\t\t\t\t<h3>\n\t\t\t\t\t<a href=\"https:\/\/citil.av.tr\/en\/dijital-gocebe-yeni-meslegin-universite-mezunlarina-sagladigi-10-avantaj\/\" title=\"Dijital G\u00f6\u00e7ebe: Yeni Mesle\u011fin \u00dcniversite Mezunlar\u0131na Sa\u011flad\u0131\u011f\u0131 10 Avantaj\" class=\"entry-title\">Dijital G\u00f6\u00e7ebe: Yeni Mesle\u011fin \u00dcniversite Mezunlar\u0131na Sa\u011flad\u0131\u011f\u0131 10 Avantaj<\/a>\n\t\t\t\t<\/h3>\n\t\t\t<\/div>\n\t\t<\/header>\n\t\n\t\t<div class=\"post-content-outer\">\n\t\t\t<p>Dijital G\u00f6\u00e7ebe: Yeni Mesle\u011fin \u00dcniversite Mezunlar\u0131na Sa\u011flad\u0131\u011f\u0131 10 Avantaj Dijital G\u00f6\u00e7ebelik\u00a0kavram\u0131 \u00e7ok yak\u0131n bir zamanda&#8230;<\/p>\n\t\t<\/div>\n\n\t\t\t<\/div>\n\t<\/div>\n<\/div>\n\t\t\t<\/div>\n\t\t<\/div>\n\t\t<div class=\"page-content post-header grid-1-3 list-item post-14359 post type-post status-publish format-standard has-post-thumbnail hentry category-blog tag-affordable-living-turkey tag-digital-nomad-lifestyle tag-digital-nomads tag-prompt-engineers-turkey tag-remote-jobs-turkey tag-remote-work-turkey tag-remote-work-visa tag-software-developers-nomad-visa tag-tech-professionals-in-turkey tag-tech-scene-turkey tag-turkey-for-tech-enthusiasts tag-turkish-digital-nomad-visa tag-turkish-visa-for-techies tag-ui-ux-designers-turkey tag-work-from-turkey\" >\n\t\t\t<div>\n\t\t\t\t<div class=\"post-article has-image-wrapper\">\n\t<div class=\"standard-post-format clearfix as-image\">\n\t\t\t<div class=\"thumbnail\">\n\t\t\t\t\t<a href=\"https:\/\/citil.av.tr\/en\/working-co-spaces-for-digital-nomads-in-turkey\/\" title=\"Top 5 Co-Working Spaces in Istanbul for Digital Nomads: Find Your Perfect Spot!\">\n\t\t\t\t<img width=\"360\" height=\"276\" src=\"https:\/\/citil.av.tr\/wp-content\/uploads\/2024\/08\/digital-nomad-coworking-01-360x276.png\" class=\"attachment-post-small-3 size-post-small-3 wp-post-image\" alt=\"Digital Nomads in Turkey\" decoding=\"async\" loading=\"lazy\" srcset=\"https:\/\/citil.av.tr\/wp-content\/uploads\/2024\/08\/digital-nomad-coworking-01-360x276.png 360w, https:\/\/citil.av.tr\/wp-content\/uploads\/2024\/08\/digital-nomad-coworking-01-16x12.png 16w, https:\/\/citil.av.tr\/wp-content\/uploads\/2024\/08\/digital-nomad-coworking-01-480x369.png 480w, https:\/\/citil.av.tr\/wp-content\/uploads\/2024\/08\/digital-nomad-coworking-01-555x426.png 555w, https:\/\/citil.av.tr\/wp-content\/uploads\/2024\/08\/digital-nomad-coworking-01-262x201.png 262w\" sizes=\"(min-width: 900px) 50vw, 100vw\" \/>\t\t\t\t<span class='icon shortcode theme  use-hover' style=''>&#58897;<\/span>\t\t\t<\/a>\n\t\t\t<\/div>\n\n\t<div class=\"post-content-wrapper\">\n\t\t<div class=\"post-actions-wrapper clearfix\">\n\t\t\t<div class=\"post-date date updated\">\n\t\t\t\t20 August 2024\t\t\t<\/div>\n\t\t\t\t\t\t\t\n\t\t\t\t\t\t\t\t\t<\/div>\n\n\t\t\t\t<header class=\"single\">\n\t\t\t<div class=\"content\">\n\t\t\t\t<h3>\n\t\t\t\t\t<a href=\"https:\/\/citil.av.tr\/en\/working-co-spaces-for-digital-nomads-in-turkey\/\" title=\"Top 5 Co-Working Spaces in Istanbul for Digital Nomads: Find Your Perfect Spot!\" class=\"entry-title\">Top 5 Co-Working Spaces in Istanbul for Digital Nomads: Find Your Perfect Spot!<\/a>\n\t\t\t\t<\/h3>\n\t\t\t<\/div>\n\t\t<\/header>\n\t\n\t\t<div class=\"post-content-outer\">\n\t\t\t<p>Unlocking Istanbul: The Ultimate Guide for Digital Nomads and Top Co-Working Spaces As remote work&#8230;<\/p>\n\t\t<\/div>\n\n\t\t\t<\/div>\n\t<\/div>\n<\/div>\n\t\t\t<\/div>\n\t\t<\/div>\n\t\t<div class=\"page-content post-header grid-1-3 clearboth list-item post-14350 post type-post status-publish format-standard has-post-thumbnail hentry category-blog tag-affordable-living-turkey tag-digital-nomad-lifestyle tag-digital-nomads tag-prompt-engineers-turkey tag-remote-jobs-turkey tag-remote-work-turkey tag-remote-work-visa tag-software-developers-nomad-visa tag-tech-professionals-in-turkey tag-tech-scene-turkey tag-turkey-for-tech-enthusiasts tag-turkish-digital-nomad-visa tag-turkish-visa-for-techies tag-ui-ux-designers-turkey tag-work-from-turkey\" >\n\t\t\t<div>\n\t\t\t\t<div class=\"post-article has-image-wrapper\">\n\t<div class=\"standard-post-format clearfix as-image\">\n\t\t\t<div class=\"thumbnail\">\n\t\t\t\t\t<a href=\"https:\/\/citil.av.tr\/en\/why-turkey-is-the-ideal-destination-for-tech-enthusiasts-seeking-a-digital-nomad-visa\/\" title=\"Why Turkey is the Ideal Destination for Tech Enthusiasts Seeking a Digital Nomad Visa\">\n\t\t\t\t<img width=\"360\" height=\"276\" src=\"https:\/\/citil.av.tr\/wp-content\/uploads\/2024\/08\/CITIL-LAW-Blog-digital-nomad-visa-turkey-tech-1200x627px-360x276.jpg\" class=\"attachment-post-small-3 size-post-small-3 wp-post-image\" alt=\"Digital Nomads in Turkey\" decoding=\"async\" loading=\"lazy\" srcset=\"https:\/\/citil.av.tr\/wp-content\/uploads\/2024\/08\/CITIL-LAW-Blog-digital-nomad-visa-turkey-tech-1200x627px-360x276.jpg 360w, https:\/\/citil.av.tr\/wp-content\/uploads\/2024\/08\/CITIL-LAW-Blog-digital-nomad-visa-turkey-tech-1200x627px-480x369.jpg 480w, https:\/\/citil.av.tr\/wp-content\/uploads\/2024\/08\/CITIL-LAW-Blog-digital-nomad-visa-turkey-tech-1200x627px-555x426.jpg 555w, https:\/\/citil.av.tr\/wp-content\/uploads\/2024\/08\/CITIL-LAW-Blog-digital-nomad-visa-turkey-tech-1200x627px-262x201.jpg 262w\" sizes=\"(min-width: 900px) 50vw, 100vw\" \/>\t\t\t\t<span class='icon shortcode theme  use-hover' style=''>&#58897;<\/span>\t\t\t<\/a>\n\t\t\t<\/div>\n\n\t<div class=\"post-content-wrapper\">\n\t\t<div class=\"post-actions-wrapper clearfix\">\n\t\t\t<div class=\"post-date date updated\">\n\t\t\t\t7 August 2024\t\t\t<\/div>\n\t\t\t\t\t\t\t\n\t\t\t\t\t\t\t\t\t<\/div>\n\n\t\t\t\t<header class=\"single\">\n\t\t\t<div class=\"content\">\n\t\t\t\t<h3>\n\t\t\t\t\t<a href=\"https:\/\/citil.av.tr\/en\/why-turkey-is-the-ideal-destination-for-tech-enthusiasts-seeking-a-digital-nomad-visa\/\" title=\"Why Turkey is the Ideal Destination for Tech Enthusiasts Seeking a Digital Nomad Visa\" class=\"entry-title\">Why Turkey is the Ideal Destination for Tech Enthusiasts Seeking a Digital Nomad Visa<\/a>\n\t\t\t\t<\/h3>\n\t\t\t<\/div>\n\t\t<\/header>\n\t\n\t\t<div class=\"post-content-outer\">\n\t\t\t<p>Explore Turkey: The Perfect Turkish Digital Nomad Visa Destination for Tech Enthusiasts As the world&#8230;<\/p>\n\t\t<\/div>\n\n\t\t\t<\/div>\n\t<\/div>\n<\/div>\n\t\t\t<\/div>\n\t\t<\/div>\n\t\t<div class=\"page-content post-header grid-1-3 list-item post-14322 post type-post status-publish format-standard has-post-thumbnail hentry category-blog tag-avukat tag-ferdi-kaza-sigortasi tag-kaza-magduru tag-kaza-sigortasi-fiyatlari-avukat tag-manevi-tazminat tag-tazminat-hesaplama tag-trafik-kazasi tag-yaralanma\" >\n\t\t\t<div>\n\t\t\t\t<div class=\"post-article has-image-wrapper\">\n\t<div class=\"standard-post-format clearfix as-image\">\n\t\t\t<div class=\"thumbnail\">\n\t\t\t\t\t<a href=\"https:\/\/citil.av.tr\/en\/ferdi-kaza-sigortasi-secerken-dikkat-edilmesi-gerekenler-nelerdir\/\" title=\"Ferdi Kaza Sigortas\u0131 Se\u00e7erken Dikkat Edilmesi Gerekenler Nelerdir?\">\n\t\t\t\t<img width=\"360\" height=\"276\" src=\"https:\/\/citil.av.tr\/wp-content\/uploads\/2024\/06\/CITIL-LAW-FERDI-KAZA-SIGORTASI-1200x628px-02-360x276.jpg\" class=\"attachment-post-small-3 size-post-small-3 wp-post-image\" alt=\"Ferdi Kaza Sigortas\u0131 Se\u00e7erken Dikkat Edilmesi Gerekenler Nelerdir?\" decoding=\"async\" loading=\"lazy\" srcset=\"https:\/\/citil.av.tr\/wp-content\/uploads\/2024\/06\/CITIL-LAW-FERDI-KAZA-SIGORTASI-1200x628px-02-360x276.jpg 360w, https:\/\/citil.av.tr\/wp-content\/uploads\/2024\/06\/CITIL-LAW-FERDI-KAZA-SIGORTASI-1200x628px-02-480x369.jpg 480w, https:\/\/citil.av.tr\/wp-content\/uploads\/2024\/06\/CITIL-LAW-FERDI-KAZA-SIGORTASI-1200x628px-02-555x426.jpg 555w, https:\/\/citil.av.tr\/wp-content\/uploads\/2024\/06\/CITIL-LAW-FERDI-KAZA-SIGORTASI-1200x628px-02-262x201.jpg 262w\" sizes=\"(min-width: 900px) 50vw, 100vw\" \/>\t\t\t\t<span class='icon shortcode theme  use-hover' style=''>&#58897;<\/span>\t\t\t<\/a>\n\t\t\t<\/div>\n\n\t<div class=\"post-content-wrapper\">\n\t\t<div class=\"post-actions-wrapper clearfix\">\n\t\t\t<div class=\"post-date date updated\">\n\t\t\t\t25 June 2024\t\t\t<\/div>\n\t\t\t\t\t\t\t\n\t\t\t\t\t\t\t\t\t<\/div>\n\n\t\t\t\t<header class=\"single\">\n\t\t\t<div class=\"content\">\n\t\t\t\t<h3>\n\t\t\t\t\t<a href=\"https:\/\/citil.av.tr\/en\/ferdi-kaza-sigortasi-secerken-dikkat-edilmesi-gerekenler-nelerdir\/\" title=\"Ferdi Kaza Sigortas\u0131 Se\u00e7erken Dikkat Edilmesi Gerekenler Nelerdir?\" class=\"entry-title\">Ferdi Kaza Sigortas\u0131 Se\u00e7erken Dikkat Edilmesi Gerekenler Nelerdir?<\/a>\n\t\t\t\t<\/h3>\n\t\t\t<\/div>\n\t\t<\/header>\n\t\n\t\t<div class=\"post-content-outer\">\n\t\t\t<p>Ferdi kaza sigortas\u0131 yapt\u0131rmay\u0131 d\u00fc\u015f\u00fcn\u00fcyorsan\u0131z, sigorta se\u00e7iminizi yaparken dikkat etmeniz gereken baz\u0131 \u00f6nemli noktalar \u015funlard\u0131r:&#8230;<\/p>\n\t\t<\/div>\n\n\t\t\t<\/div>\n\t<\/div>\n<\/div>\n\t\t\t<\/div>\n\t\t<\/div>\n\t\t<div class=\"page-content post-header grid-1-3 list-item post-14315 post type-post status-publish format-standard has-post-thumbnail hentry category-blog tag-avukat tag-ferdi-kaza-sigortasi tag-kaza-magduru tag-kaza-sigortasi-fiyatlari-avukat tag-manevi-tazminat tag-tazminat-hesaplama tag-trafik-kazasi tag-yaralanma\" >\n\t\t\t<div>\n\t\t\t\t<div class=\"post-article has-image-wrapper\">\n\t<div class=\"standard-post-format clearfix as-image\">\n\t\t\t<div class=\"thumbnail\">\n\t\t\t\t\t<a href=\"https:\/\/citil.av.tr\/en\/kaza-disarida-da-basimiza-gelebilir-yaralanmali-trafik-kazalarinda-manevi-tazminat-ve-ferdi-kaza-sigortasi\/\" title=\"Kaza D\u0131\u015far\u0131da da Ba\u015f\u0131m\u0131za Gelebilir: Yaralanmal\u0131 Trafik Kazalar\u0131nda Manevi Tazminat ve Ferdi Kaza Sigortas\u0131\">\n\t\t\t\t<img width=\"360\" height=\"276\" src=\"https:\/\/citil.av.tr\/wp-content\/uploads\/2024\/06\/CITIL-LAW-FERDI-KAZA-SIGORTASI-1200x628px-01-360x276.jpg\" class=\"attachment-post-small-3 size-post-small-3 wp-post-image\" alt=\"Araban\u0131n D\u0131\u015f\u0131ndayken de G\u00fcvende Olun: Yaralanmal\u0131 Trafik Kazalar\u0131nda Manevi Tazminat ve Ferdi Kaza Sigortas\u0131\" decoding=\"async\" loading=\"lazy\" srcset=\"https:\/\/citil.av.tr\/wp-content\/uploads\/2024\/06\/CITIL-LAW-FERDI-KAZA-SIGORTASI-1200x628px-01-360x276.jpg 360w, https:\/\/citil.av.tr\/wp-content\/uploads\/2024\/06\/CITIL-LAW-FERDI-KAZA-SIGORTASI-1200x628px-01-480x369.jpg 480w, https:\/\/citil.av.tr\/wp-content\/uploads\/2024\/06\/CITIL-LAW-FERDI-KAZA-SIGORTASI-1200x628px-01-555x426.jpg 555w, https:\/\/citil.av.tr\/wp-content\/uploads\/2024\/06\/CITIL-LAW-FERDI-KAZA-SIGORTASI-1200x628px-01-262x201.jpg 262w\" sizes=\"(min-width: 900px) 50vw, 100vw\" \/>\t\t\t\t<span class='icon shortcode theme  use-hover' style=''>&#58897;<\/span>\t\t\t<\/a>\n\t\t\t<\/div>\n\n\t<div class=\"post-content-wrapper\">\n\t\t<div class=\"post-actions-wrapper clearfix\">\n\t\t\t<div class=\"post-date date updated\">\n\t\t\t\t24 June 2024\t\t\t<\/div>\n\t\t\t\t\t\t\t\n\t\t\t\t\t\t\t\t\t<\/div>\n\n\t\t\t\t<header class=\"single\">\n\t\t\t<div class=\"content\">\n\t\t\t\t<h3>\n\t\t\t\t\t<a href=\"https:\/\/citil.av.tr\/en\/kaza-disarida-da-basimiza-gelebilir-yaralanmali-trafik-kazalarinda-manevi-tazminat-ve-ferdi-kaza-sigortasi\/\" title=\"Kaza D\u0131\u015far\u0131da da Ba\u015f\u0131m\u0131za Gelebilir: Yaralanmal\u0131 Trafik Kazalar\u0131nda Manevi Tazminat ve Ferdi Kaza Sigortas\u0131\" class=\"entry-title\">Kaza D\u0131\u015far\u0131da da Ba\u015f\u0131m\u0131za Gelebilir: Yaralanmal\u0131 Trafik Kazalar\u0131nda Manevi Tazminat ve Ferdi Kaza Sigortas\u0131<\/a>\n\t\t\t\t<\/h3>\n\t\t\t<\/div>\n\t\t<\/header>\n\t\n\t\t<div class=\"post-content-outer\">\n\t\t\t<p>Araban\u0131n D\u0131\u015f\u0131ndayken de G\u00fcvende Olun: Yaralanmal\u0131 Trafik Kazalar\u0131nda Manevi Tazminat ve Ferdi Kaza Sigortas\u0131 Trafik&#8230;<\/p>\n\t\t<\/div>\n\n\t\t\t<\/div>\n\t<\/div>\n<\/div>\n\t\t\t<\/div>\n\t\t<\/div>\n\t\t<div class=\"page-content post-header grid-1-3 clearboth list-item post-14310 post type-post status-publish format-standard has-post-thumbnail hentry category-blog tag-airbnb tag-best-digital-nomad-destinations tag-best-places-for-digital-nomads tag-digital-nomad tag-digital-nomad-hotspots tag-digital-nomad-lifestyle tag-digital-nomad-visa tag-digital-nomad-visa-turkey tag-remote-work tag-remote-work-locations tag-travel tag-turkey tag-turkey-remote-work-visa tag-urkey-digital-nomad-visa tag-visa\" >\n\t\t\t<div>\n\t\t\t\t<div class=\"post-article has-image-wrapper\">\n\t<div class=\"standard-post-format clearfix as-image\">\n\t\t\t<div class=\"thumbnail\">\n\t\t\t\t\t<a href=\"https:\/\/citil.av.tr\/en\/living-the-dream-the-digital-nomad-lifestyle-in-turkey\/\" title=\"Living the Dream: The Digital Nomad Lifestyle in Turkey\">\n\t\t\t\t<img width=\"360\" height=\"276\" src=\"https:\/\/citil.av.tr\/wp-content\/uploads\/2024\/06\/CITIL-LAW-TURKISH-DIGITAL-NOMAD-LIFESTYLE-1200x628px-01-360x276.jpg\" class=\"attachment-post-small-3 size-post-small-3 wp-post-image\" alt=\"Living the Dream: The Digital Nomad Lifestyle in Turkey\" decoding=\"async\" loading=\"lazy\" srcset=\"https:\/\/citil.av.tr\/wp-content\/uploads\/2024\/06\/CITIL-LAW-TURKISH-DIGITAL-NOMAD-LIFESTYLE-1200x628px-01-360x276.jpg 360w, https:\/\/citil.av.tr\/wp-content\/uploads\/2024\/06\/CITIL-LAW-TURKISH-DIGITAL-NOMAD-LIFESTYLE-1200x628px-01-480x369.jpg 480w, https:\/\/citil.av.tr\/wp-content\/uploads\/2024\/06\/CITIL-LAW-TURKISH-DIGITAL-NOMAD-LIFESTYLE-1200x628px-01-555x426.jpg 555w, https:\/\/citil.av.tr\/wp-content\/uploads\/2024\/06\/CITIL-LAW-TURKISH-DIGITAL-NOMAD-LIFESTYLE-1200x628px-01-262x201.jpg 262w\" sizes=\"(min-width: 900px) 50vw, 100vw\" \/>\t\t\t\t<span class='icon shortcode theme  use-hover' style=''>&#58897;<\/span>\t\t\t<\/a>\n\t\t\t<\/div>\n\n\t<div class=\"post-content-wrapper\">\n\t\t<div class=\"post-actions-wrapper clearfix\">\n\t\t\t<div class=\"post-date date updated\">\n\t\t\t\t24 June 2024\t\t\t<\/div>\n\t\t\t\t\t\t\t\n\t\t\t\t\t\t\t\t\t<\/div>\n\n\t\t\t\t<header class=\"single\">\n\t\t\t<div class=\"content\">\n\t\t\t\t<h3>\n\t\t\t\t\t<a href=\"https:\/\/citil.av.tr\/en\/living-the-dream-the-digital-nomad-lifestyle-in-turkey\/\" title=\"Living the Dream: The Digital Nomad Lifestyle in Turkey\" class=\"entry-title\">Living the Dream: The Digital Nomad Lifestyle in Turkey<\/a>\n\t\t\t\t<\/h3>\n\t\t\t<\/div>\n\t\t<\/header>\n\t\n\t\t<div class=\"post-content-outer\">\n\t\t\t<p>Turkey, with its rich tapestry of history, culture, and breathtaking landscapes, has become a hotspot&#8230;<\/p>\n\t\t<\/div>\n\n\t\t\t<\/div>\n\t<\/div>\n<\/div>\n\t\t\t<\/div>\n\t\t<\/div>\n\t\t<div class=\"page-content post-header grid-1-3 list-item post-14304 post type-post status-publish format-standard has-post-thumbnail hentry category-blog tag-best-digital-nomad-destinations tag-best-places-for-digital-nomads tag-digital-nomad tag-digital-nomad-hotspots tag-digital-nomad-lifestyle tag-digital-nomad-visa tag-digital-nomad-visa-turkey tag-remote-work tag-remote-work-locations tag-travel tag-turkey tag-turkey-remote-work-visa tag-urkey-digital-nomad-visa tag-visa\" >\n\t\t\t<div>\n\t\t\t\t<div class=\"post-article has-image-wrapper\">\n\t<div class=\"standard-post-format clearfix as-image\">\n\t\t\t<div class=\"thumbnail\">\n\t\t\t\t\t<a href=\"https:\/\/citil.av.tr\/en\/conquer-your-turkish-dream-a-guide-to-turkeys-digital-nomad-visa\/\" title=\"Conquer Your Turkish Dream: A Guide to Turkey&#8217;s Digital Nomad Visa\">\n\t\t\t\t<img width=\"360\" height=\"276\" src=\"https:\/\/citil.av.tr\/wp-content\/uploads\/2024\/06\/CITIL-LAW-TURKISH-DIGITAL-NOMAD-VISA-1200x628px-01-360x276.jpg\" class=\"attachment-post-small-3 size-post-small-3 wp-post-image\" alt=\"Conquer Your Turkish Dream: A Guide to Turkey&#039;s Digital Nomad Visa\" decoding=\"async\" loading=\"lazy\" srcset=\"https:\/\/citil.av.tr\/wp-content\/uploads\/2024\/06\/CITIL-LAW-TURKISH-DIGITAL-NOMAD-VISA-1200x628px-01-360x276.jpg 360w, https:\/\/citil.av.tr\/wp-content\/uploads\/2024\/06\/CITIL-LAW-TURKISH-DIGITAL-NOMAD-VISA-1200x628px-01-480x369.jpg 480w, https:\/\/citil.av.tr\/wp-content\/uploads\/2024\/06\/CITIL-LAW-TURKISH-DIGITAL-NOMAD-VISA-1200x628px-01-555x426.jpg 555w, https:\/\/citil.av.tr\/wp-content\/uploads\/2024\/06\/CITIL-LAW-TURKISH-DIGITAL-NOMAD-VISA-1200x628px-01-262x201.jpg 262w\" sizes=\"(min-width: 900px) 50vw, 100vw\" \/>\t\t\t\t<span class='icon shortcode theme  use-hover' style=''>&#58897;<\/span>\t\t\t<\/a>\n\t\t\t<\/div>\n\n\t<div class=\"post-content-wrapper\">\n\t\t<div class=\"post-actions-wrapper clearfix\">\n\t\t\t<div class=\"post-date date updated\">\n\t\t\t\t15 June 2024\t\t\t<\/div>\n\t\t\t\t\t\t\t\n\t\t\t\t\t\t\t\t\t<\/div>\n\n\t\t\t\t<header class=\"single\">\n\t\t\t<div class=\"content\">\n\t\t\t\t<h3>\n\t\t\t\t\t<a href=\"https:\/\/citil.av.tr\/en\/conquer-your-turkish-dream-a-guide-to-turkeys-digital-nomad-visa\/\" title=\"Conquer Your Turkish Dream: A Guide to Turkey&#8217;s Digital Nomad Visa\" class=\"entry-title\">Conquer Your Turkish Dream: A Guide to Turkey&#8217;s Digital Nomad Visa<\/a>\n\t\t\t\t<\/h3>\n\t\t\t<\/div>\n\t\t<\/header>\n\t\n\t\t<div class=\"post-content-outer\">\n\t\t\t<p>Unpacking Turkey\u2019s Digital Nomad Visa: How to apply for an opportunity to live in heaven?&#8230;<\/p>\n\t\t<\/div>\n\n\t\t\t<\/div>\n\t<\/div>\n<\/div>\n\t\t\t<\/div>\n\t\t<\/div>\n\t\t<div class=\"page-content post-header grid-1-3 list-item post-14299 post type-post status-publish format-standard has-post-thumbnail hentry category-blog tag-abdde-ev-almak tag-calisma-izni tag-eb-5-vizesi tag-gocmenlik tag-green-card tag-oturma-izni tag-yatirimci-vizesi\" >\n\t\t\t<div>\n\t\t\t\t<div class=\"post-article has-image-wrapper\">\n\t<div class=\"standard-post-format clearfix as-image\">\n\t\t\t<div class=\"thumbnail\">\n\t\t\t\t\t<a href=\"https:\/\/citil.av.tr\/en\/amerikada-ev-alarak-calisma-ve-oturma-izni-hayal-mi-gercek-mi\/\" title=\"Amerika&#8217;da Ev Alarak \u00c7al\u0131\u015fma ve Oturma \u0130zni: Hayal mi Ger\u00e7ek mi?\">\n\t\t\t\t<img width=\"360\" height=\"276\" src=\"https:\/\/citil.av.tr\/wp-content\/uploads\/2024\/06\/CITIL-LAW-ABD-EV-ALARAK-CALISMA-OTURUM-IZNI-1200x628px-01-360x276.jpg\" class=\"attachment-post-small-3 size-post-small-3 wp-post-image\" alt=\"Amerika&#039;da Ev Alarak \u00c7al\u0131\u015fma ve Oturma \u0130zni: Hayal mi Ger\u00e7ek mi?\" decoding=\"async\" loading=\"lazy\" srcset=\"https:\/\/citil.av.tr\/wp-content\/uploads\/2024\/06\/CITIL-LAW-ABD-EV-ALARAK-CALISMA-OTURUM-IZNI-1200x628px-01-360x276.jpg 360w, https:\/\/citil.av.tr\/wp-content\/uploads\/2024\/06\/CITIL-LAW-ABD-EV-ALARAK-CALISMA-OTURUM-IZNI-1200x628px-01-480x369.jpg 480w, https:\/\/citil.av.tr\/wp-content\/uploads\/2024\/06\/CITIL-LAW-ABD-EV-ALARAK-CALISMA-OTURUM-IZNI-1200x628px-01-555x426.jpg 555w, https:\/\/citil.av.tr\/wp-content\/uploads\/2024\/06\/CITIL-LAW-ABD-EV-ALARAK-CALISMA-OTURUM-IZNI-1200x628px-01-262x201.jpg 262w\" sizes=\"(min-width: 900px) 50vw, 100vw\" \/>\t\t\t\t<span class='icon shortcode theme  use-hover' style=''>&#58897;<\/span>\t\t\t<\/a>\n\t\t\t<\/div>\n\n\t<div class=\"post-content-wrapper\">\n\t\t<div class=\"post-actions-wrapper clearfix\">\n\t\t\t<div class=\"post-date date updated\">\n\t\t\t\t10 June 2024\t\t\t<\/div>\n\t\t\t\t\t\t\t\n\t\t\t\t\t\t\t\t\t<\/div>\n\n\t\t\t\t<header class=\"single\">\n\t\t\t<div class=\"content\">\n\t\t\t\t<h3>\n\t\t\t\t\t<a href=\"https:\/\/citil.av.tr\/en\/amerikada-ev-alarak-calisma-ve-oturma-izni-hayal-mi-gercek-mi\/\" title=\"Amerika&#8217;da Ev Alarak \u00c7al\u0131\u015fma ve Oturma \u0130zni: Hayal mi Ger\u00e7ek mi?\" class=\"entry-title\">Amerika&#8217;da Ev Alarak \u00c7al\u0131\u015fma ve Oturma \u0130zni: Hayal mi Ger\u00e7ek mi?<\/a>\n\t\t\t\t<\/h3>\n\t\t\t<\/div>\n\t\t<\/header>\n\t\n\t\t<div class=\"post-content-outer\">\n\t\t\t<p>K\u0131saca evet, ABD&#8217;de ev sat\u0131n alarak \u00e7al\u0131\u015fma ve oturum izni almak m\u00fcmk\u00fcnd\u00fcr. Fakat bu, kolay&#8230;<\/p>\n\t\t<\/div>\n\n\t\t\t<\/div>\n\t<\/div>\n<\/div>\n\t\t\t<\/div>\n\t\t<\/div>\n<\/div>\n\n<div class=\"wp-pagenavi\"><span class=\"pages\">Page 1 of 30<\/span><span aria-current=\"page\" class=\"page-numbers current\">1<\/span>\n<a class=\"page-numbers\" href=\"https:\/\/citil.av.tr\/en\/wp-json\/wp\/v2\/pages\/275\/page\/2\/\">2<\/a>\n<a class=\"page-numbers\" href=\"https:\/\/citil.av.tr\/en\/wp-json\/wp\/v2\/pages\/275\/page\/3\/\">3<\/a>\n<span class=\"page-numbers dots\">&hellip;<\/span>\n<a class=\"page-numbers\" href=\"https:\/\/citil.av.tr\/en\/wp-json\/wp\/v2\/pages\/275\/page\/30\/\">30<\/a>\n<a class=\"next page-numbers\" href=\"https:\/\/citil.av.tr\/en\/wp-json\/wp\/v2\/pages\/275\/page\/2\/\">Next<\/a><\/div><\/div><\/div>","protected":false},"excerpt":{"rendered":"<p>K\u0131saca evet, ABD&#8217;de ev sat\u0131n alarak \u00e7al\u0131\u015fma ve oturum izni almak m\u00fcmk\u00fcnd\u00fcr. Fakat bu, kolay ve garantili bir s\u00fcre\u00e7 de\u011fildir. Bir\u00e7ok ki\u015fi i\u00e7in Amerika Birle\u015fik Devletleri&#8217;nde ya\u015famak ve \u00e7al\u0131\u015fmak bir hayaldir. Fakat bu hayalin ger\u00e7ekle\u015fmesi i\u00e7in vize ve oturum izni gibi b\u00fcrokratik engelleri a\u015fmak gerekir. Son y\u0131llarda, ABD&#8217;de ev sat\u0131n alarak oturum izni alma se\u00e7ene\u011fi&#8230;<\/p>","protected":false},"author":1,"featured_media":0,"parent":0,"menu_order":0,"comment_status":"closed","ping_status":"closed","template":"","meta":[],"yoast_head":"<!-- This site is optimized with the Yoast SEO plugin v21.1 - https:\/\/yoast.com\/wordpress\/plugins\/seo\/ -->\n<title>Yay\u0131mlar - \u00c7itil Avukatl\u0131k Ortakl\u0131\u011f\u0131<\/title>\n<meta name=\"description\" content=\"Temelleri 2010 y\u0131l\u0131nda Av. \u015eule Alag\u00f6z \u00c7\u0130T\u0130L ve Av. Ali \u00c7\u0130T\u0130L taraf\u0131ndan at\u0131lan \u00c7itil Avukatl\u0131k Ortakl\u0131\u011f\u0131, kuruldu\u011fu g\u00fcnden bu yana ulusal ve uluslararas\u0131 alanda faaliyet g\u00f6steren m\u00fcvekkillerine Avukatl\u0131k ve Dan\u0131\u015fmanl\u0131k hizmeti vermektedir.\" \/>\n<meta name=\"robots\" content=\"index, follow, max-snippet:-1, max-image-preview:large, max-video-preview:-1\" \/>\n<link rel=\"canonical\" href=\"https:\/\/citil.av.tr\/en\/citil-avuklatik-ortakligi-yayimlari\/\" \/>\n<meta property=\"og:locale\" content=\"en_US\" \/>\n<meta property=\"og:type\" content=\"article\" \/>\n<meta property=\"og:title\" content=\"Yay\u0131mlar - \u00c7itil Avukatl\u0131k Ortakl\u0131\u011f\u0131\" \/>\n<meta property=\"og:description\" content=\"Temelleri 2010 y\u0131l\u0131nda Av. \u015eule Alag\u00f6z \u00c7\u0130T\u0130L ve Av. Ali \u00c7\u0130T\u0130L taraf\u0131ndan at\u0131lan \u00c7itil Avukatl\u0131k Ortakl\u0131\u011f\u0131, kuruldu\u011fu g\u00fcnden bu yana ulusal ve uluslararas\u0131 alanda faaliyet g\u00f6steren m\u00fcvekkillerine Avukatl\u0131k ve Dan\u0131\u015fmanl\u0131k hizmeti vermektedir.\" \/>\n<meta property=\"og:url\" content=\"https:\/\/citil.av.tr\/en\/citil-avuklatik-ortakligi-yayimlari\/\" \/>\n<meta property=\"og:site_name\" content=\"\u00c7itil Avukatl\u0131k Ortakl\u0131\u011f\u0131\" \/>\n<meta property=\"article:publisher\" content=\"https:\/\/wwwfacebook.com\/citillaw\" \/>\n<meta property=\"article:modified_time\" content=\"2024-12-24T09:33:24+00:00\" \/>\n<meta property=\"og:image\" content=\"https:\/\/citil.av.tr\/wp-content\/uploads\/2020\/12\/Vergi-Hukuku.jpg\" \/>\n\t<meta property=\"og:image:width\" content=\"1920\" \/>\n\t<meta property=\"og:image:height\" content=\"1080\" \/>\n\t<meta property=\"og:image:type\" content=\"image\/jpeg\" \/>\n<meta name=\"twitter:card\" content=\"summary_large_image\" \/>\n<meta name=\"twitter:site\" content=\"@citillaw\" \/>\n<meta name=\"twitter:label1\" content=\"Est. reading time\" \/>\n\t<meta name=\"twitter:data1\" content=\"1 minute\" \/>\n<script type=\"application\/ld+json\" class=\"yoast-schema-graph\">{\"@context\":\"https:\/\/schema.org\",\"@graph\":[{\"@type\":\"WebPage\",\"@id\":\"https:\/\/citil.av.tr\/citil-avuklatik-ortakligi-yayimlari\/\",\"url\":\"https:\/\/citil.av.tr\/citil-avuklatik-ortakligi-yayimlari\/\",\"name\":\"Yay\u0131mlar - \u00c7itil Avukatl\u0131k Ortakl\u0131\u011f\u0131\",\"isPartOf\":{\"@id\":\"https:\/\/citil.av.tr\/en\/#website\"},\"datePublished\":\"2013-03-22T18:50:15+00:00\",\"dateModified\":\"2024-12-24T09:33:24+00:00\",\"description\":\"Temelleri 2010 y\u0131l\u0131nda Av. \u015eule Alag\u00f6z \u00c7\u0130T\u0130L ve Av. Ali \u00c7\u0130T\u0130L taraf\u0131ndan at\u0131lan \u00c7itil Avukatl\u0131k Ortakl\u0131\u011f\u0131, kuruldu\u011fu g\u00fcnden bu yana ulusal ve uluslararas\u0131 alanda faaliyet g\u00f6steren m\u00fcvekkillerine Avukatl\u0131k ve Dan\u0131\u015fmanl\u0131k hizmeti vermektedir.\",\"breadcrumb\":{\"@id\":\"https:\/\/citil.av.tr\/citil-avuklatik-ortakligi-yayimlari\/#breadcrumb\"},\"inLanguage\":\"en-US\",\"potentialAction\":[{\"@type\":\"ReadAction\",\"target\":[\"https:\/\/citil.av.tr\/citil-avuklatik-ortakligi-yayimlari\/\"]}]},{\"@type\":\"BreadcrumbList\",\"@id\":\"https:\/\/citil.av.tr\/citil-avuklatik-ortakligi-yayimlari\/#breadcrumb\",\"itemListElement\":[{\"@type\":\"ListItem\",\"position\":1,\"name\":\"Anasayfa\",\"item\":\"https:\/\/citil.av.tr\/\"},{\"@type\":\"ListItem\",\"position\":2,\"name\":\"Yay\u0131mlar\"}]},{\"@type\":\"WebSite\",\"@id\":\"https:\/\/citil.av.tr\/en\/#website\",\"url\":\"https:\/\/citil.av.tr\/en\/\",\"name\":\"\u00c7itil Avukatl\u0131k Ortakl\u0131\u011f\u0131\",\"description\":\"\u00c7itil Avukatl\u0131k Ortakl\u0131\u011f\u0131\",\"publisher\":{\"@id\":\"https:\/\/citil.av.tr\/en\/#organization\"},\"potentialAction\":[{\"@type\":\"SearchAction\",\"target\":{\"@type\":\"EntryPoint\",\"urlTemplate\":\"https:\/\/citil.av.tr\/en\/?s={search_term_string}\"},\"query-input\":\"required name=search_term_string\"}],\"inLanguage\":\"en-US\"},{\"@type\":\"Organization\",\"@id\":\"https:\/\/citil.av.tr\/en\/#organization\",\"name\":\"\u00c7itil Avukatl\u0131k Ortakl\u0131\u011f\u0131\",\"url\":\"https:\/\/citil.av.tr\/en\/\",\"logo\":{\"@type\":\"ImageObject\",\"inLanguage\":\"en-US\",\"@id\":\"https:\/\/citil.av.tr\/en\/#\/schema\/logo\/image\/\",\"url\":\"https:\/\/citil.av.tr\/wp-content\/uploads\/2020\/11\/citillaw.png\",\"contentUrl\":\"https:\/\/citil.av.tr\/wp-content\/uploads\/2020\/11\/citillaw.png\",\"width\":540,\"height\":118,\"caption\":\"\u00c7itil Avukatl\u0131k Ortakl\u0131\u011f\u0131\"},\"image\":{\"@id\":\"https:\/\/citil.av.tr\/en\/#\/schema\/logo\/image\/\"},\"sameAs\":[\"https:\/\/wwwfacebook.com\/citillaw\",\"https:\/\/twitter.com\/citillaw\",\"https:\/\/instagram.com\/citillaw\",\"https:\/\/www.linkedin.com\/company\/citillaw\/\",\"https:\/\/www.youtube.com\/channel\/UCnDUExMdk-zREsgxkg0GGTg\"]}]}<\/script>\n<!-- \/ Yoast SEO plugin. -->","yoast_head_json":{"title":"Yay\u0131mlar - \u00c7itil Avukatl\u0131k Ortakl\u0131\u011f\u0131","description":"Temelleri 2010 y\u0131l\u0131nda Av. \u015eule Alag\u00f6z \u00c7\u0130T\u0130L ve Av. Ali \u00c7\u0130T\u0130L taraf\u0131ndan at\u0131lan \u00c7itil Avukatl\u0131k Ortakl\u0131\u011f\u0131, kuruldu\u011fu g\u00fcnden bu yana ulusal ve uluslararas\u0131 alanda faaliyet g\u00f6steren m\u00fcvekkillerine Avukatl\u0131k ve Dan\u0131\u015fmanl\u0131k hizmeti vermektedir.","robots":{"index":"index","follow":"follow","max-snippet":"max-snippet:-1","max-image-preview":"max-image-preview:large","max-video-preview":"max-video-preview:-1"},"canonical":"https:\/\/citil.av.tr\/en\/citil-avuklatik-ortakligi-yayimlari\/","og_locale":"en_US","og_type":"article","og_title":"Yay\u0131mlar - \u00c7itil Avukatl\u0131k Ortakl\u0131\u011f\u0131","og_description":"Temelleri 2010 y\u0131l\u0131nda Av. \u015eule Alag\u00f6z \u00c7\u0130T\u0130L ve Av. Ali \u00c7\u0130T\u0130L taraf\u0131ndan at\u0131lan \u00c7itil Avukatl\u0131k Ortakl\u0131\u011f\u0131, kuruldu\u011fu g\u00fcnden bu yana ulusal ve uluslararas\u0131 alanda faaliyet g\u00f6steren m\u00fcvekkillerine Avukatl\u0131k ve Dan\u0131\u015fmanl\u0131k hizmeti vermektedir.","og_url":"https:\/\/citil.av.tr\/en\/citil-avuklatik-ortakligi-yayimlari\/","og_site_name":"\u00c7itil Avukatl\u0131k Ortakl\u0131\u011f\u0131","article_publisher":"https:\/\/wwwfacebook.com\/citillaw","article_modified_time":"2024-12-24T09:33:24+00:00","og_image":[{"width":1920,"height":1080,"url":"https:\/\/citil.av.tr\/wp-content\/uploads\/2020\/12\/Vergi-Hukuku.jpg","type":"image\/jpeg"}],"twitter_card":"summary_large_image","twitter_site":"@citillaw","twitter_misc":{"Est. reading time":"1 minute"},"schema":{"@context":"https:\/\/schema.org","@graph":[{"@type":"WebPage","@id":"https:\/\/citil.av.tr\/citil-avuklatik-ortakligi-yayimlari\/","url":"https:\/\/citil.av.tr\/citil-avuklatik-ortakligi-yayimlari\/","name":"Yay\u0131mlar - \u00c7itil Avukatl\u0131k Ortakl\u0131\u011f\u0131","isPartOf":{"@id":"https:\/\/citil.av.tr\/en\/#website"},"datePublished":"2013-03-22T18:50:15+00:00","dateModified":"2024-12-24T09:33:24+00:00","description":"Temelleri 2010 y\u0131l\u0131nda Av. \u015eule Alag\u00f6z \u00c7\u0130T\u0130L ve Av. Ali \u00c7\u0130T\u0130L taraf\u0131ndan at\u0131lan \u00c7itil Avukatl\u0131k Ortakl\u0131\u011f\u0131, kuruldu\u011fu g\u00fcnden bu yana ulusal ve uluslararas\u0131 alanda faaliyet g\u00f6steren m\u00fcvekkillerine Avukatl\u0131k ve Dan\u0131\u015fmanl\u0131k hizmeti vermektedir.","breadcrumb":{"@id":"https:\/\/citil.av.tr\/citil-avuklatik-ortakligi-yayimlari\/#breadcrumb"},"inLanguage":"en-US","potentialAction":[{"@type":"ReadAction","target":["https:\/\/citil.av.tr\/citil-avuklatik-ortakligi-yayimlari\/"]}]},{"@type":"BreadcrumbList","@id":"https:\/\/citil.av.tr\/citil-avuklatik-ortakligi-yayimlari\/#breadcrumb","itemListElement":[{"@type":"ListItem","position":1,"name":"Anasayfa","item":"https:\/\/citil.av.tr\/"},{"@type":"ListItem","position":2,"name":"Yay\u0131mlar"}]},{"@type":"WebSite","@id":"https:\/\/citil.av.tr\/en\/#website","url":"https:\/\/citil.av.tr\/en\/","name":"Citil Attorney Partnership","description":"Citil Attorney Partnership","publisher":{"@id":"https:\/\/citil.av.tr\/en\/#organization"},"potentialAction":[{"@type":"SearchAction","target":{"@type":"EntryPoint","urlTemplate":"https:\/\/citil.av.tr\/en\/?s={search_term_string}"},"query-input":"required name=search_term_string"}],"inLanguage":"en-US"},{"@type":"Organization","@id":"https:\/\/citil.av.tr\/en\/#organization","name":"Citil Attorney Partnership","url":"https:\/\/citil.av.tr\/en\/","logo":{"@type":"ImageObject","inLanguage":"en-US","@id":"https:\/\/citil.av.tr\/en\/#\/schema\/logo\/image\/","url":"https:\/\/citil.av.tr\/wp-content\/uploads\/2020\/11\/citillaw.png","contentUrl":"https:\/\/citil.av.tr\/wp-content\/uploads\/2020\/11\/citillaw.png","width":540,"height":118,"caption":"\u00c7itil Avukatl\u0131k Ortakl\u0131\u011f\u0131"},"image":{"@id":"https:\/\/citil.av.tr\/en\/#\/schema\/logo\/image\/"},"sameAs":["https:\/\/wwwfacebook.com\/citillaw","https:\/\/twitter.com\/citillaw","https:\/\/instagram.com\/citillaw","https:\/\/www.linkedin.com\/company\/citillaw\/","https:\/\/www.youtube.com\/channel\/UCnDUExMdk-zREsgxkg0GGTg"]}]}},"post_mailing_queue_ids":[],"_links":{"self":[{"href":"https:\/\/citil.av.tr\/en\/wp-json\/wp\/v2\/pages\/275"}],"collection":[{"href":"https:\/\/citil.av.tr\/en\/wp-json\/wp\/v2\/pages"}],"about":[{"href":"https:\/\/citil.av.tr\/en\/wp-json\/wp\/v2\/types\/page"}],"author":[{"embeddable":true,"href":"https:\/\/citil.av.tr\/en\/wp-json\/wp\/v2\/users\/1"}],"replies":[{"embeddable":true,"href":"https:\/\/citil.av.tr\/en\/wp-json\/wp\/v2\/comments?post=275"}],"version-history":[{"count":1,"href":"https:\/\/citil.av.tr\/en\/wp-json\/wp\/v2\/pages\/275\/revisions"}],"predecessor-version":[{"id":13319,"href":"https:\/\/citil.av.tr\/en\/wp-json\/wp\/v2\/pages\/275\/revisions\/13319"}],"wp:attachment":[{"href":"https:\/\/citil.av.tr\/en\/wp-json\/wp\/v2\/media?parent=275"}],"curies":[{"name":"wp","href":"https:\/\/api.w.org\/{rel}","templated":true}]}}